{"id":228,"date":"2021-10-28T09:10:06","date_gmt":"2021-10-28T09:10:06","guid":{"rendered":"http:\/\/www.visitaskoe.dk\/?page_id=228"},"modified":"2022-07-13T11:37:51","modified_gmt":"2022-07-13T09:37:51","slug":"oe-liv","status":"publish","type":"page","link":"https:\/\/www.visitaskoe.dk\/?page_id=228","title":{"rendered":"\u00d8-liv"},"content":{"rendered":"\n<div class=\"wp-block-columns is-layout-flex wp-container-core-columns-is-layout-9d6595d7 wp-block-columns-is-layout-flex\">\n<div class=\"wp-block-column is-layout-flow wp-block-column-is-layout-flow\">\n<h4 class=\"wp-block-heading\"><strong>L\u00e6s her om foreninger, erhverv og det daglige \u00f8-liv p\u00e5 Ask\u00f8\/Lille\u00f8<\/strong><\/h4>\n<\/div>\n<\/div>\n\n\n\n<div class=\"wp-block-columns is-layout-flex wp-container-core-columns-is-layout-9d6595d7 wp-block-columns-is-layout-flex\">\n<div class=\"wp-block-column is-layout-flow wp-block-column-is-layout-flow\" style=\"flex-basis:33.33%\">\n<p class=\"has-text-align-right\" style=\"font-size:15px\"><strong><a href=\"http:\/\/www.visitaskoe.dk\/?page_id=225\" data-type=\"page\" data-id=\"225\" target=\"_blank\" rel=\"noreferrer noopener\">Ask\u00f8\/Lille\u00f8 Beboerforening &#8211; ALB<\/a><\/strong><\/p>\n<\/div>\n\n\n\n<div class=\"wp-block-column is-layout-flow wp-block-column-is-layout-flow\" style=\"flex-basis:66.66%\">\n<p style=\"font-size:15px\">L\u00e6s mere:  <strong><a rel=\"noreferrer noopener\" href=\"http:\/\/www.visitaskoe.dk\/?page_id=225\" data-type=\"page\" data-id=\"225\" target=\"_blank\">Ask\u00f8\/Lille\u00f8 Beboerforening &#8211; ALB<\/a><\/strong> <\/p>\n<\/div>\n<\/div>\n\n\n\n<div class=\"wp-block-columns is-layout-flex wp-container-core-columns-is-layout-9d6595d7 wp-block-columns-is-layout-flex\">\n<div class=\"wp-block-column is-layout-flow wp-block-column-is-layout-flow\" style=\"flex-basis:33.33%\">\n<p class=\"has-text-align-right\" style=\"font-size:15px\"><strong><a rel=\"noreferrer noopener\" href=\"http:\/\/www.askoe-nyt.dk\/\" target=\"_blank\">Ask\u00f8 Strandvig Grundejerforening &#8211; ASG<\/a><\/strong><\/p>\n\n\n\n<ul class=\"wp-block-social-links alignright is-layout-flex wp-block-social-links-is-layout-flex\"><li class=\"wp-social-link wp-social-link-facebook  wp-block-social-link\"><a href=\"https:\/\/www.facebook.com\/groups\/askoestrandviggrundejerforening\" class=\"wp-block-social-link-anchor\"><svg width=\"24\" height=\"24\" viewBox=\"0 0 24 24\" version=\"1.1\" xmlns=\"http:\/\/www.w3.org\/2000\/svg\" aria-hidden=\"true\" focusable=\"false\"><path d=\"M12 2C6.5 2 2 6.5 2 12c0 5 3.7 9.1 8.4 9.9v-7H7.9V12h2.5V9.8c0-2.5 1.5-3.9 3.8-3.9 1.1 0 2.2.2 2.2.2v2.5h-1.3c-1.2 0-1.6.8-1.6 1.6V12h2.8l-.4 2.9h-2.3v7C18.3 21.1 22 17 22 12c0-5.5-4.5-10-10-10z\"><\/path><\/svg><span class=\"wp-block-social-link-label screen-reader-text\">Facebook<\/span><\/a><\/li><\/ul>\n\n\n<div class=\"wp-block-image\">\n<figure class=\"alignright size-large is-resized\"><a href=\"http:\/\/www.askoe-nyt.dk\/\" target=\"_blank\" rel=\"noopener\"><img data-recalc-dims=\"1\" decoding=\"async\" src=\"https:\/\/i0.wp.com\/www.visitaskoe.dk\/wp-content\/uploads\/2021\/11\/ASG-Badebro-edited-2.jpg?w=158&#038;ssl=1\" alt=\"\" class=\"wp-image-1027\"  srcset=\"https:\/\/i0.wp.com\/www.visitaskoe.dk\/wp-content\/uploads\/2021\/11\/ASG-Badebro-edited-2.jpg?w=677&amp;ssl=1 677w, https:\/\/i0.wp.com\/www.visitaskoe.dk\/wp-content\/uploads\/2021\/11\/ASG-Badebro-edited-2.jpg?resize=300%2C188&amp;ssl=1 300w\" sizes=\"(max-width: 677px) 100vw, 677px\" \/><\/a><\/figure>\n<\/div>\n\n\n<p><\/p>\n<\/div>\n\n\n\n<div class=\"wp-block-column is-layout-flow wp-block-column-is-layout-flow\" style=\"flex-basis:66.66%\">\n<p style=\"font-size:15px\">ASG blev oprettet i forbindelse med udstykningen. I det v\u00e6sentlige er der tale om en driftsorganisation da ASG er ansvarlig for stamvejene, kloaker, rensningsanl\u00e6g og dr\u00e6n for parcellerne p\u00e5 Ask\u00f8 Strandvig, og fritidshusene p\u00e5 nordsiden af \u00d8sterhovedvej. ASG har etableret en naturlegeplads og endvidere st\u00e5et for opgraderingen af rensningsanl\u00e6gget til et moderne biologisk anl\u00e6g. I hverdagen er der tale om gr\u00e6ssl\u00e5ning af f\u00e6llesarealerne og pasning af badebro.<\/p>\n\n\n\n<p style=\"font-size:15px\">ASG udgiver &#8220;<strong>ASK\u00d8 NYT<\/strong>&#8221; 4 gange om \u00e5ret, og tidligere numre ligger med digital adgang p\u00e5 (<a href=\"http:\/\/www.askoe-nyt.dk\/tidligere-udgaver-af-askoenyt\" target=\"_blank\" rel=\"noreferrer noopener\">LINK<\/a>)<\/p>\n<\/div>\n<\/div>\n\n\n\n<div class=\"wp-block-columns is-layout-flex wp-container-core-columns-is-layout-9d6595d7 wp-block-columns-is-layout-flex\">\n<div class=\"wp-block-column is-layout-flow wp-block-column-is-layout-flow\" style=\"flex-basis:33.33%\">\n<p class=\"has-text-align-right\" style=\"font-size:15px\"><strong><a href=\"http:\/\/www.askoe-nyt.dk\/ask%c3%b8-strandvig-vandv%c3%a6rk\" target=\"_blank\" rel=\"noreferrer noopener\">Ask\u00f8 Vandv\u00e6rk<\/a><\/strong><\/p>\n<\/div>\n\n\n\n<div class=\"wp-block-column is-layout-flow wp-block-column-is-layout-flow\" style=\"flex-basis:66.66%\">\n<p style=\"font-size:15px\">Ask\u00f8 fik ogs\u00e5 sit vandv\u00e6rk i forbindelse med udstykningen. Vandv\u00e6rket drives som en underforening til ASG med identisk bestyrelse og f\u00e6lles generalforsamling. Vandv\u00e6rket har forsyningspligt til alle p\u00e5 Ask\u00f8, mens Lille\u00f8 forsat f\u00e5r vand fra egne br\u00f8nde.<\/p>\n<\/div>\n<\/div>\n\n\n\n<div class=\"wp-block-columns is-layout-flex wp-container-core-columns-is-layout-9d6595d7 wp-block-columns-is-layout-flex\">\n<div class=\"wp-block-column is-layout-flow wp-block-column-is-layout-flow\" style=\"flex-basis:33.33%\">\n<p class=\"has-text-align-right\" style=\"font-size:15px\"><strong>Ask\u00f8 Butiksforening<\/strong><\/p>\n<\/div>\n\n\n\n<div class=\"wp-block-column is-layout-flow wp-block-column-is-layout-flow\" style=\"flex-basis:66.66%\">\n<p style=\"font-size:15px\">Da den lokale Brugsen endeligt lukkede i 1983 blev der etableret en Butiksforening som siden har ejet, vedligeholdt og udlejet bygningen som k\u00f8bmandsbutik. Alle parceller i Ask\u00f8 Strandvig Grundejerforening er automatisk medlem af foreningen, og de fleste fastboende og \u00f8vrige fritidshusejere er ogs\u00e5 medlemmer.<\/p>\n\n\n\n<p style=\"font-size:15px\">Butiksforeningen ejer endvidere det nagelfaste udstyr i bygningen, og har i tidens l\u00f8b s\u00f8gt og f\u00e5et bevilget fondsmidler til modernisering af bygningen med fx. solceller, fryserum mm.<\/p>\n\n\n\n<p style=\"font-size:15px\">Butiksforeningen udlejer bygningen til Andelsforeningen Ask\u00f8 K\u00f8bmand<\/p>\n<\/div>\n<\/div>\n\n\n\n<div class=\"wp-block-columns is-layout-flex wp-container-core-columns-is-layout-9d6595d7 wp-block-columns-is-layout-flex\">\n<div class=\"wp-block-column is-layout-flow wp-block-column-is-layout-flow\" style=\"flex-basis:33.33%\">\n<p class=\"has-text-align-right\" style=\"font-size:15px\"><strong><a href=\"http:\/\/www.askoe-koebmand.dk\/\" target=\"_blank\" rel=\"noreferrer noopener\">Ask\u00f8 K\u00f8bmand<\/a><\/strong><\/p>\n\n\n\n<ul class=\"wp-block-social-links alignright is-layout-flex wp-block-social-links-is-layout-flex\"><li class=\"wp-social-link wp-social-link-facebook  wp-block-social-link\"><a href=\"https:\/\/www.facebook.com\/groups\/2340616252724182\" class=\"wp-block-social-link-anchor\"><svg width=\"24\" height=\"24\" viewBox=\"0 0 24 24\" version=\"1.1\" xmlns=\"http:\/\/www.w3.org\/2000\/svg\" aria-hidden=\"true\" focusable=\"false\"><path d=\"M12 2C6.5 2 2 6.5 2 12c0 5 3.7 9.1 8.4 9.9v-7H7.9V12h2.5V9.8c0-2.5 1.5-3.9 3.8-3.9 1.1 0 2.2.2 2.2.2v2.5h-1.3c-1.2 0-1.6.8-1.6 1.6V12h2.8l-.4 2.9h-2.3v7C18.3 21.1 22 17 22 12c0-5.5-4.5-10-10-10z\"><\/path><\/svg><span class=\"wp-block-social-link-label screen-reader-text\">Facebook<\/span><\/a><\/li><\/ul>\n\n\n<div class=\"wp-block-image\">\n<figure class=\"alignright size-full\"><img data-recalc-dims=\"1\" loading=\"lazy\" decoding=\"async\" width=\"491\" height=\"135\" src=\"https:\/\/i0.wp.com\/www.visitaskoe.dk\/wp-content\/uploads\/2021\/10\/Koebmanden.png?resize=491%2C135\" alt=\"\" class=\"wp-image-387\" srcset=\"https:\/\/i0.wp.com\/www.visitaskoe.dk\/wp-content\/uploads\/2021\/10\/Koebmanden.png?w=491&amp;ssl=1 491w, https:\/\/i0.wp.com\/www.visitaskoe.dk\/wp-content\/uploads\/2021\/10\/Koebmanden.png?resize=300%2C82&amp;ssl=1 300w\" sizes=\"auto, (max-width: 491px) 100vw, 491px\" \/><\/figure>\n<\/div><\/div>\n\n\n\n<div class=\"wp-block-column is-layout-flow wp-block-column-is-layout-flow\" style=\"flex-basis:66.66%\">\n<p style=\"font-size:15px\">I 2010 blev der blev stiftet en non-profit andelsforening, som bl.a.&nbsp; via Butiksforeningen, en arbejdsgruppe og opfordringer fra en pop-up iscafe fik indsamlet tilstr\u00e6kkelig andelskapital via andelsbeviser til at finansiere et varelager (150.000 kr.). <\/p>\n\n\n\n<p style=\"font-size:15px\">Ask\u00f8 K\u00f8bmandshandel har siden da v\u00e6ret en andelsforening, hvor alle har mulighed for at k\u00f8be et bevis, uanset om er har sommerhus, er fastboende eller blot er g\u00e6st.&nbsp; Med et andelsbevis i h\u00e5nden, er du med til at st\u00f8tte vores k\u00f8bmand. <\/p>\n\n\n\n<p style=\"font-size:15px\">Ideen med Ask\u00f8 K\u00f8bmand er at drive en b\u00e6redygtig butik p\u00e5 Ask\u00f8 p\u00e5 andelsbasis til gavn for fastboende, sommerhusejere og turister. Butikken skal v\u00e6re med til at g\u00f8re dagligdagen p\u00e5 Ask\u00f8 og Lille\u00f8 enklere, s\u00e5 det g\u00f8res mere attraktivt at v\u00e6lge Ask\u00f8 og Lille\u00f8 frem for andre \u00f8er.<\/p>\n\n\n\n<p style=\"font-size:15px\">Siden 2010 har butikken v\u00e6ret drevet af frivillige ul\u00f8nnede fastboende og fritidshusejere.<\/p>\n\n\n\n<p style=\"font-size:15px\">Butikken er \u00e5ben hele \u00e5ret, men med reduceret sortiment og \u00e5bning i vinterhalv\u00e5ret. \u00c5bningstiderne er bestemt af antallet af frivillige.<\/p>\n<\/div>\n<\/div>\n\n\n\n<div class=\"wp-block-columns is-layout-flex wp-container-core-columns-is-layout-9d6595d7 wp-block-columns-is-layout-flex\">\n<div class=\"wp-block-column is-layout-flow wp-block-column-is-layout-flow\" style=\"flex-basis:33.33%\">\n<p class=\"has-text-align-right\" style=\"font-size:15px\"><strong><a rel=\"noreferrer noopener\" href=\"https:\/\/www.xn--ask-sejlklub-xjb.dk\/\" target=\"_blank\">Ask\u00f8 Sejlklub<\/a><\/strong><\/p>\n\n\n\n<ul class=\"wp-block-social-links alignright is-layout-flex wp-block-social-links-is-layout-flex\"><li class=\"wp-social-link wp-social-link-facebook  wp-block-social-link\"><a href=\"https:\/\/www.facebook.com\/askoesejlklub\/\" class=\"wp-block-social-link-anchor\"><svg width=\"24\" height=\"24\" viewBox=\"0 0 24 24\" version=\"1.1\" xmlns=\"http:\/\/www.w3.org\/2000\/svg\" aria-hidden=\"true\" focusable=\"false\"><path d=\"M12 2C6.5 2 2 6.5 2 12c0 5 3.7 9.1 8.4 9.9v-7H7.9V12h2.5V9.8c0-2.5 1.5-3.9 3.8-3.9 1.1 0 2.2.2 2.2.2v2.5h-1.3c-1.2 0-1.6.8-1.6 1.6V12h2.8l-.4 2.9h-2.3v7C18.3 21.1 22 17 22 12c0-5.5-4.5-10-10-10z\"><\/path><\/svg><span class=\"wp-block-social-link-label screen-reader-text\">Facebook<\/span><\/a><\/li><\/ul>\n\n\n<div class=\"wp-block-image\">\n<figure class=\"alignright size-full is-resized\"><img data-recalc-dims=\"1\" loading=\"lazy\" decoding=\"async\" src=\"https:\/\/i0.wp.com\/www.visitaskoe.dk\/wp-content\/uploads\/2021\/11\/Askoe-sejlklub.jpg?resize=143%2C106&#038;ssl=1\" alt=\"\" class=\"wp-image-797\" width=\"143\" height=\"106\" srcset=\"https:\/\/i0.wp.com\/www.visitaskoe.dk\/wp-content\/uploads\/2021\/11\/Askoe-sejlklub.jpg?w=960&amp;ssl=1 960w, https:\/\/i0.wp.com\/www.visitaskoe.dk\/wp-content\/uploads\/2021\/11\/Askoe-sejlklub.jpg?resize=300%2C225&amp;ssl=1 300w, https:\/\/i0.wp.com\/www.visitaskoe.dk\/wp-content\/uploads\/2021\/11\/Askoe-sejlklub.jpg?resize=768%2C576&amp;ssl=1 768w, https:\/\/i0.wp.com\/www.visitaskoe.dk\/wp-content\/uploads\/2021\/11\/Askoe-sejlklub.jpg?resize=685%2C514&amp;ssl=1 685w\" sizes=\"auto, (max-width: 143px) 100vw, 143px\" \/><\/figure>\n<\/div><\/div>\n\n\n\n<div class=\"wp-block-column is-layout-flow wp-block-column-is-layout-flow\" style=\"flex-basis:66.66%\">\n<p style=\"font-size:15px\">Ask\u00f8 Sejlklub blev oprettet&nbsp;den 24. maj 1980 p\u00e5 den stiftende general-forsamling&nbsp;af Aage J\u00f8rgensen, Bj\u00f8rn Karbo og Erwin Keincke. <\/p>\n\n\n\n<p style=\"font-size:15px\">Takster og regulativer for Ask\u00f8 Havn (<a href=\"https:\/\/lollandhavne.lolland.dk\/lystbaadehavne\/takster-og-regulativer\" data-type=\"URL\" data-id=\"https:\/\/lollandhavne.lolland.dk\/lystbaadehavne\/takster-og-regulativer\" target=\"_blank\" rel=\"noreferrer noopener\"><strong>LINK<\/strong><\/a>)<\/p>\n<\/div>\n<\/div>\n\n\n\n<div class=\"wp-block-columns is-layout-flex wp-container-core-columns-is-layout-9d6595d7 wp-block-columns-is-layout-flex\">\n<div class=\"wp-block-column is-layout-flow wp-block-column-is-layout-flow\" style=\"flex-basis:33.33%\">\n<p class=\"has-text-align-right\" style=\"font-size:15px\"><strong><a href=\"https:\/\/xn--ask-museum-2cb.dk\/\" target=\"_blank\" rel=\"noreferrer noopener\">Ask\u00f8 Museum<\/a><\/strong><\/p>\n\n\n<div class=\"wp-block-image\">\n<figure class=\"alignright size-full is-resized\"><img data-recalc-dims=\"1\" loading=\"lazy\" decoding=\"async\" src=\"https:\/\/i0.wp.com\/www.visitaskoe.dk\/wp-content\/uploads\/2021\/10\/Svundne-tider.png?resize=150%2C149\" alt=\"\" class=\"wp-image-389\" width=\"150\" height=\"149\" srcset=\"https:\/\/i0.wp.com\/www.visitaskoe.dk\/wp-content\/uploads\/2021\/10\/Svundne-tider.png?w=710&amp;ssl=1 710w, https:\/\/i0.wp.com\/www.visitaskoe.dk\/wp-content\/uploads\/2021\/10\/Svundne-tider.png?resize=300%2C300&amp;ssl=1 300w, https:\/\/i0.wp.com\/www.visitaskoe.dk\/wp-content\/uploads\/2021\/10\/Svundne-tider.png?resize=150%2C150&amp;ssl=1 150w, https:\/\/i0.wp.com\/www.visitaskoe.dk\/wp-content\/uploads\/2021\/10\/Svundne-tider.png?resize=685%2C684&amp;ssl=1 685w, https:\/\/i0.wp.com\/www.visitaskoe.dk\/wp-content\/uploads\/2021\/10\/Svundne-tider.png?resize=100%2C100&amp;ssl=1 100w\" sizes=\"auto, (max-width: 150px) 100vw, 150px\" \/><\/figure>\n<\/div><\/div>\n\n\n\n<div class=\"wp-block-column is-layout-flow wp-block-column-is-layout-flow\" style=\"flex-basis:66.66%\">\n<p style=\"font-size:15px\">L\u00e6s mere; <a href=\"https:\/\/xn--ask-museum-2cb.dk\/\" target=\"_blank\" rel=\"noreferrer noopener\">Ask\u00f8 Museum \u2013 Konemadevej 40, 4942 Ask\u00f8 (ask\u00f8-museum.dk)<\/a><\/p>\n<\/div>\n<\/div>\n\n\n\n<div class=\"wp-block-columns is-layout-flex wp-container-core-columns-is-layout-9d6595d7 wp-block-columns-is-layout-flex\">\n<div class=\"wp-block-column is-layout-flow wp-block-column-is-layout-flow\" style=\"flex-basis:33.33%\">\n<p class=\"has-text-align-right\" style=\"font-size:15px\"><strong><a href=\"http:\/\/sogn.dk\/askoe\/menighedsraad\/\" target=\"_blank\" rel=\"noreferrer noopener\">Ask\u00f8 Menighedsr\u00e5d<\/a><\/strong><\/p>\n\n\n<div class=\"wp-block-image\">\n<figure class=\"alignright size-large is-resized\"><img data-recalc-dims=\"1\" loading=\"lazy\" decoding=\"async\" src=\"https:\/\/i0.wp.com\/www.visitaskoe.dk\/wp-content\/uploads\/2021\/10\/Ask-Kirke-1024x686.jpg?resize=154%2C102\" alt=\"\" class=\"wp-image-508\" width=\"154\" height=\"102\" srcset=\"https:\/\/i0.wp.com\/www.visitaskoe.dk\/wp-content\/uploads\/2021\/10\/Ask-Kirke.jpg?resize=1024%2C686&amp;ssl=1 1024w, https:\/\/i0.wp.com\/www.visitaskoe.dk\/wp-content\/uploads\/2021\/10\/Ask-Kirke.jpg?resize=300%2C201&amp;ssl=1 300w, https:\/\/i0.wp.com\/www.visitaskoe.dk\/wp-content\/uploads\/2021\/10\/Ask-Kirke.jpg?resize=768%2C514&amp;ssl=1 768w, https:\/\/i0.wp.com\/www.visitaskoe.dk\/wp-content\/uploads\/2021\/10\/Ask-Kirke.jpg?resize=685%2C459&amp;ssl=1 685w, https:\/\/i0.wp.com\/www.visitaskoe.dk\/wp-content\/uploads\/2021\/10\/Ask-Kirke.jpg?resize=342%2C228&amp;ssl=1 342w, https:\/\/i0.wp.com\/www.visitaskoe.dk\/wp-content\/uploads\/2021\/10\/Ask-Kirke.jpg?w=1280&amp;ssl=1 1280w\" sizes=\"auto, (max-width: 154px) 100vw, 154px\" \/><\/figure>\n<\/div><\/div>\n\n\n\n<div class=\"wp-block-column is-layout-flow wp-block-column-is-layout-flow\" style=\"flex-basis:66.66%\">\n<p style=\"font-size:15px\">ASK\u00d8 SOGN &#8211; MARIBO DOMPROVSTI &#8211; LOLLAND-FALSTERS STIFT<\/p>\n\n\n\n<p style=\"font-size:15px\">Pastorat: Bandholm-Ask\u00f8 <\/p>\n\n\n\n<p style=\"font-size:15px\">Gudstjenester: <a href=\"https:\/\/sogn.dk\/askoe\/\">Ask\u00f8 Sogn<\/a><\/p>\n\n\n\n<p style=\"font-size:15px\">L\u00e6s mere om kirken: <a rel=\"noreferrer noopener\" href=\"https:\/\/xn--ask-museum-2cb.dk\/index.php\/askoe-kirke\/\" target=\"_blank\">Ask\u00f8 kirke \u2013 Ask\u00f8 Museum (ask\u00f8-museum.dk)<\/a><\/p>\n<\/div>\n<\/div>\n\n\n\n<div class=\"wp-block-columns is-layout-flex wp-container-core-columns-is-layout-9d6595d7 wp-block-columns-is-layout-flex\">\n<div class=\"wp-block-column is-layout-flow wp-block-column-is-layout-flow\" style=\"flex-basis:33.33%\">\n<h6 class=\"has-text-align-right wp-block-heading\"><strong>Ask\u00f8 Digelag<\/strong><\/h6>\n<\/div>\n\n\n\n<div class=\"wp-block-column is-layout-flow wp-block-column-is-layout-flow\" style=\"flex-basis:66.66%\">\n<p style=\"font-size:15px\">Digelagets medlemmer er de lodsejere der har jord liggende under havets overflade men beskyttet af diger. Digelaget er ansvarlig for digernes tilstand, og medlemmerne bidrager \u00f8konomisk til vedligehold. De sommerhusejere der har jord under kote 0 repr\u00e6senteres i digelaget af ASG.<\/p>\n<\/div>\n<\/div>\n\n\n\n<div class=\"wp-block-columns is-layout-flex wp-container-core-columns-is-layout-9d6595d7 wp-block-columns-is-layout-flex\">\n<div class=\"wp-block-column is-layout-flow wp-block-column-is-layout-flow\" style=\"flex-basis:33.33%\">\n<h6 class=\"has-text-align-right wp-block-heading\"><strong>Ask\u00f8 \u00d8-kontaktudvalg<\/strong><\/h6>\n<\/div>\n\n\n\n<div class=\"wp-block-column is-layout-flow wp-block-column-is-layout-flow\" style=\"flex-basis:66.66%\">\n<p style=\"font-size:15px\">\u00d8-kontaktudvalget er et lokaludvalg nedsat af byr\u00e5det jf. styrelseslovens \u00a7 65d. \u00d8-kontaktudvalget har en r\u00e5dgivende funktion og ret til at udtale sig til byr\u00e5det om alle sager der vedr\u00f8rer \u00f8erne. \u00d8-kontaktudvalget har eksisteret siden 2010.<\/p>\n\n\n\n<p style=\"font-size:15px\">\u00d8-kontaktudvalget best\u00e5r af 7 repr\u00e6sentanter for \u00f8erne \u2013 3 fra Fej\u00f8, 2 fra Ask\u00f8 og 2 fra Fem\u00f8 og 2 byr\u00e5dsmedlemmer, der samtidig skal v\u00e6re medlemmer af Teknisk Udvalg. Udvalget m\u00f8des 4 gange om \u00e5ret.<br><br>\u00d8ernes beboere indstiller medlemmer til \u00d8-kontaktudvalget. P\u00e5 Ask\u00f8 v\u00e6lges repr\u00e6sentanterne hvert 4. \u00e5r samtidig med valg til byr\u00e5d.<\/p>\n\n\n\n<h5 class=\"wp-block-heading\" style=\"font-size:15px\"><strong>\u00d8ernes kontaktudvalgsmedlemmer<\/strong> 2022-2026<\/h5>\n\n\n\n<ul class=\"wp-block-list\" style=\"font-size:15px\"><li>(Fej\u00f8)<\/li><li>(Fej\u00f8)<\/li><li>(Fej\u00f8)<\/li><li>Peter Larsen&nbsp;(Ask\u00f8)<\/li><li>Marianne Pilh\u00f8j Thomsen (Ask\u00f8)<\/li><li>(Fem\u00f8)<\/li><li>(Fem\u00f8)<\/li><\/ul>\n\n\n\n<h5 class=\"wp-block-heading\" style=\"font-size:15px\"><strong>Politisk udvalgte medlemmer<\/strong> 2022-2026<\/h5>\n\n\n\n<ul class=\"wp-block-list\" style=\"font-size:15px\"><li>Tine Vinther Clausen (V)<\/li><li>Muj Berisha (A)<\/li><\/ul>\n\n\n\n<p style=\"font-size:15px\">Udvalget har konstitueret sig med Peter Larsen (Ask\u00f8) som formand<br>og Finn Iversen som n\u00e6stformand.<\/p>\n\n\n\n<p class=\"has-background\" style=\"background-color:#dae2e8;font-size:15px\"><strong>Ask\u00f8\/Lille\u00f8 kontaktudvalgsmedlemmer 2022-2026<\/strong> <br>Marianne Pilh\u00f8j Thomsen (31 stemmer)<br>Peter Larsen (21 stemmer)<br>Lars Madsen, (10 stemmer), suppleant<\/p>\n\n\n\n<p><\/p>\n\n\n\n<p style=\"font-size:15px\">Link til dagsordener og referater (langt nede p\u00e5 siden): <a href=\"https:\/\/www.lolland.dk\/politik\/dagsordener-og-referater\">Dagsordener og referater (lolland.dk)<\/a><\/p>\n<\/div>\n<\/div>\n\n\n\n<h4 class=\"wp-block-heading\"><strong>Erhverv p\u00e5 Ask\u00f8\/Lille\u00f8<\/strong><\/h4>\n\n\n\n<div class=\"wp-block-columns is-layout-flex wp-container-core-columns-is-layout-9d6595d7 wp-block-columns-is-layout-flex\">\n<div class=\"wp-block-column is-layout-flow wp-block-column-is-layout-flow\" style=\"flex-basis:33.33%\">\n<figure class=\"wp-block-image size-large\"><img data-recalc-dims=\"1\" loading=\"lazy\" decoding=\"async\" width=\"685\" height=\"514\" src=\"https:\/\/i0.wp.com\/www.visitaskoe.dk\/wp-content\/uploads\/2021\/11\/183-1024x768.jpg?resize=685%2C514\" alt=\"\" class=\"wp-image-958\" srcset=\"https:\/\/i0.wp.com\/www.visitaskoe.dk\/wp-content\/uploads\/2021\/11\/183.jpg?resize=1024%2C768&amp;ssl=1 1024w, https:\/\/i0.wp.com\/www.visitaskoe.dk\/wp-content\/uploads\/2021\/11\/183.jpg?resize=300%2C225&amp;ssl=1 300w, https:\/\/i0.wp.com\/www.visitaskoe.dk\/wp-content\/uploads\/2021\/11\/183.jpg?resize=768%2C576&amp;ssl=1 768w, https:\/\/i0.wp.com\/www.visitaskoe.dk\/wp-content\/uploads\/2021\/11\/183.jpg?resize=1536%2C1152&amp;ssl=1 1536w, https:\/\/i0.wp.com\/www.visitaskoe.dk\/wp-content\/uploads\/2021\/11\/183.jpg?resize=2048%2C1536&amp;ssl=1 2048w, https:\/\/i0.wp.com\/www.visitaskoe.dk\/wp-content\/uploads\/2021\/11\/183.jpg?resize=685%2C514&amp;ssl=1 685w, https:\/\/i0.wp.com\/www.visitaskoe.dk\/wp-content\/uploads\/2021\/11\/183.jpg?resize=2000%2C1500&amp;ssl=1 2000w, https:\/\/i0.wp.com\/www.visitaskoe.dk\/wp-content\/uploads\/2021\/11\/183.jpg?w=1370&amp;ssl=1 1370w\" sizes=\"auto, (max-width: 685px) 100vw, 685px\" \/><\/figure>\n<\/div>\n\n\n\n<div class=\"wp-block-column is-layout-flow wp-block-column-is-layout-flow\" style=\"flex-basis:66.66%\">\n<h5 class=\"wp-block-heading\"><strong>Landbrug<\/strong> <\/h5>\n\n\n\n<p style=\"font-size:15px\">Der er i dag 2 fuldtids-landm\u00e6nd p\u00e5 Ask\u00f8, og 2 p\u00e5 Lille\u00f8. Der dyrkes hovedsageligt korn og roer.&nbsp;<\/p>\n\n\n\n<h5 class=\"wp-block-heading\"><strong>Frugtavl<\/strong> <\/h5>\n\n\n\n<p style=\"font-size:15px\">Der er 3 frugtavlere, hvor nogle af dem har anden besk\u00e6ftigelse ved siden af, enten&nbsp;med delvis&nbsp;landbrug her p\u00e5 \u00f8erne eller job p\u00e5 fastlandet.&nbsp;<\/p>\n\n\n\n<h5 class=\"wp-block-heading\"><strong>Lille\u00f8 Vin<\/strong> <\/h5>\n\n\n\n<p style=\"font-size:15px\">Det er fra Lille\u00f8 en meget anerkendt hvidvin kommer fra. Vinen betragtes af mange som den bedste hvidvin i Danmark.&nbsp;Det er et samarbejde mellem frugtavler Hans Lund Hansen fra Lille\u00f8 og Noma&#8217;s &#8211; k\u00f8kkenchef Rene Redzepi &#8211; kokken Claus Meyer &#8211; Anders Selmer, som har f\u00f8rt til denne hvidvin.&nbsp;&nbsp;<\/p>\n\n\n\n<h5 class=\"wp-block-heading\">Lille\u00f8 Gin<\/h5>\n\n\n\n<p style=\"font-size:15px\">Uden for \u00f8erne produceres gin af \u00e6bler fra Lundg\u00e5rden p\u00e5 Lille\u00f8<\/p>\n\n\n\n<h5 class=\"wp-block-heading\"><strong>Lille\u00f8 \u00c6blemost<\/strong> <\/h5>\n\n\n\n<p style=\"font-size:15px\">Uden for \u00f8erne produceres \u00e6blemost af \u00e6bler fra Lundg\u00e5rden p\u00e5 Lille\u00f8. S\u00e6lges hos k\u00f8bmanden.&nbsp;&nbsp;<\/p>\n\n\n\n<h5 class=\"wp-block-heading\"><strong>Ask\u00f8-Glimt<\/strong> <\/h5>\n\n\n\n<p style=\"font-size:15px\">Producerer souvenirs\/artikler vedr. Ask\u00f8\/Lille\u00f8. S\u00e6lges hos k\u00f8bmanden.&nbsp;<\/p>\n\n\n\n<h5 class=\"wp-block-heading\"><strong>Maler<\/strong> <\/h5>\n\n\n\n<p style=\"font-size:15px\">Maler Olsen p\u00e5 Ask\u00f8 M\u00f8llevej arbejder b\u00e5de p\u00e5 Ask\u00f8\/Lille\u00f8 og Lolland<\/p>\n<\/div>\n<\/div>\n\n\n\n<div class=\"wp-block-columns is-layout-flex wp-container-core-columns-is-layout-9d6595d7 wp-block-columns-is-layout-flex\">\n<div class=\"wp-block-column is-layout-flow wp-block-column-is-layout-flow\" style=\"flex-basis:33.33%\">\n<figure class=\"wp-block-gallery has-nested-images columns-default wp-block-gallery-1 is-layout-flex wp-block-gallery-is-layout-flex\">\n<figure class=\"wp-block-image size-full is-style-default\"><img data-recalc-dims=\"1\" loading=\"lazy\" decoding=\"async\" width=\"480\" height=\"349\" data-id=\"538\" src=\"https:\/\/i0.wp.com\/www.visitaskoe.dk\/wp-content\/uploads\/2021\/10\/MetteHolmskov.jpg?resize=480%2C349\" alt=\"\" class=\"wp-image-538\" srcset=\"https:\/\/i0.wp.com\/www.visitaskoe.dk\/wp-content\/uploads\/2021\/10\/MetteHolmskov.jpg?w=480&amp;ssl=1 480w, https:\/\/i0.wp.com\/www.visitaskoe.dk\/wp-content\/uploads\/2021\/10\/MetteHolmskov.jpg?resize=300%2C218&amp;ssl=1 300w\" sizes=\"auto, (max-width: 480px) 100vw, 480px\" \/><\/figure>\n<\/figure>\n<\/div>\n\n\n\n<div class=\"wp-block-column is-layout-flow wp-block-column-is-layout-flow\" style=\"flex-basis:66.66%\">\n<h5 class=\"wp-block-heading\"><strong>Gallerier<\/strong><\/h5>\n\n\n\n<p style=\"font-size:15px\">Mette Holmskov har galleri p\u00e5 Ask\u00f8 Strandvig 177 hvor hun udstiller billeder med motiver fra Ask\u00f8\/Lille\u00f8. Galleriet er \u00e5bent efter aftale. <a rel=\"noreferrer noopener\" href=\"http:\/\/www.metteholmskov.dk\" data-type=\"URL\" data-id=\"www.metteholmskov.dk\" target=\"_blank\">www.metteholmskov.dk<\/a>  <\/p>\n<\/div>\n<\/div>\n\n\n\n<div class=\"wp-block-buttons is-layout-flex wp-block-buttons-is-layout-flex\">\n<div class=\"wp-block-button has-custom-width wp-block-button__width-100 has-custom-font-size\" style=\"font-size:15px\"><a class=\"wp-block-button__link has-background\" href=\"http:\/\/www.visitaskoe.dk\/?page_id=327\" style=\"background-color:#472ab7\" target=\"_blank\" rel=\"noreferrer noopener\"><strong>Du kan l\u00e6se om flere af Ask\u00f8\/Lille\u00f8&#8217;s kvaliteter p\u00e5 TURIST-siden<\/strong><\/a><\/div>\n<\/div>\n","protected":false},"excerpt":{"rendered":"<p>L\u00e6s her om foreninger, erhverv og det daglige \u00f8-liv p\u00e5 Ask\u00f8\/Lille\u00f8 Ask\u00f8\/Lille\u00f8 Beboerforening &#8211; ALB L\u00e6s mere: Ask\u00f8\/Lille\u00f8 Beboerforening &#8211; ALB Ask\u00f8 Strandvig Grundejerforening &#8211; ASG ASG blev oprettet i &hellip; <a href=\"https:\/\/www.visitaskoe.dk\/?page_id=228\" class=\"more-link\">Continue reading <span class=\"screen-reader-text\">\u00d8-liv<\/span><\/a><\/p>\n","protected":false},"author":2,"featured_media":0,"parent":0,"menu_order":0,"comment_status":"closed","ping_status":"closed","template":"templates\/full-width-page.php","meta":{"_lmt_disableupdate":"no","_lmt_disable":"","footnotes":""},"class_list":["post-228","page","type-page","status-publish","hentry"],"aioseo_notices":[],"jetpack_likes_enabled":true,"jetpack_sharing_enabled":true,"_links":{"self":[{"href":"https:\/\/www.visitaskoe.dk\/index.php?rest_route=\/wp\/v2\/pages\/228","targetHints":{"allow":["GET"]}}],"collection":[{"href":"https:\/\/www.visitaskoe.dk\/index.php?rest_route=\/wp\/v2\/pages"}],"about":[{"href":"https:\/\/www.visitaskoe.dk\/index.php?rest_route=\/wp\/v2\/types\/page"}],"author":[{"embeddable":true,"href":"https:\/\/www.visitaskoe.dk\/index.php?rest_route=\/wp\/v2\/users\/2"}],"replies":[{"embeddable":true,"href":"https:\/\/www.visitaskoe.dk\/index.php?rest_route=%2Fwp%2Fv2%2Fcomments&post=228"}],"version-history":[{"count":11,"href":"https:\/\/www.visitaskoe.dk\/index.php?rest_route=\/wp\/v2\/pages\/228\/revisions"}],"predecessor-version":[{"id":1623,"href":"https:\/\/www.visitaskoe.dk\/index.php?rest_route=\/wp\/v2\/pages\/228\/revisions\/1623"}],"wp:attachment":[{"href":"https:\/\/www.visitaskoe.dk\/index.php?rest_route=%2Fwp%2Fv2%2Fmedia&parent=228"}],"curies":[{"name":"wp","href":"https:\/\/api.w.org\/{rel}","templated":true}]}}